{"id":19891,"date":"2026-03-10T13:47:17","date_gmt":"2026-03-10T12:47:17","guid":{"rendered":"https:\/\/www.adlernest.com\/?post_type=angebote&#038;p=19891"},"modified":"2026-03-11T12:50:48","modified_gmt":"2026-03-11T11:50:48","slug":"auf-den-spuren-der-schafe-2","status":"publish","type":"angebote","link":"https:\/\/www.adlernest.com\/de\/100-living\/angebote-adlernest\/auf-den-spuren-der-schafe-2","title":{"rendered":"Auf den Spuren der Schafe"},"content":{"rendered":"\t\t<div data-elementor-type=\"wp-post\" data-elementor-id=\"19891\" class=\"elementor elementor-19891\" data-elementor-post-type=\"angebote\">\n\t\t\t\t\t\t<section class=\"elementor-section elementor-top-section elementor-element elementor-element-20df9fb1 elementor-section-boxed elementor-section-height-default elementor-section-height-default\" data-id=\"20df9fb1\" data-element_type=\"section\" data-e-type=\"section\">\n\t\t\t\t\t\t<div class=\"elementor-container elementor-column-gap-default\">\n\t\t\t\t\t<div class=\"elementor-column elementor-col-100 elementor-top-column elementor-element elementor-element-4c10750c\" data-id=\"4c10750c\" data-element_type=\"column\" data-e-type=\"column\">\n\t\t\t<div class=\"elementor-widget-wrap elementor-element-populated\">\n\t\t\t\t\t\t<div class=\"elementor-element elementor-element-104bed17 elementor-widget elementor-widget-text-editor\" data-id=\"104bed17\" data-element_type=\"widget\" data-e-type=\"widget\" data-widget_type=\"text-editor.default\">\n\t\t\t\t<div class=\"elementor-widget-container\">\n\t\t\t\t\t\t\t\t\t<p class=\"p1\"><b>Auf den Spuren der Schafe<br \/><\/b><b>11.09. \u2013 14.09.2026<\/b><\/p><p class=\"p1\">Wenn der Almsommer sich dem Ende zuneigt und die Schafe zur\u00fcck in die T\u00e4ler ziehen, ist es Zeit f\u00fcr eine ganz besondere Wanderung! Erlebe den Almabtrieb hautnah und entdecke die Wege, auf denen die Schafe im Fr\u00fchling und Herbst unterwegs sind. Und beim traditionellen Volksfest? Nat\u00fcrlich darf die beste Feierlaune nicht fehlen!<\/p><ul class=\"ul1\"><li class=\"li1\">3\/4 Gourmet-Pension<\/li><li class=\"li1\">Willkommens-Aperitif<\/li><li class=\"li1\">3x w\u00f6chentliches Yoga<\/li><li class=\"li1\">12. September \u2013 Vernagt: Gef\u00fchrte Wanderung zur Similaunh\u00fctte inklusive Mittagessen und R\u00fcckkehr zusammen mit der Schafherde. Traditionelles Hirtenfest inklusive!<\/li><li class=\"li1\">13. September \u2013 Kurzras: Hin- und R\u00fcckfahrt Ticket inklusive (Gletscherbahn auf 3.212<span class=\"s1\">\u202f<\/span>m, Sessellift Grawand und Gletschersee bis direkt zur Schafherde). Anschlie\u00dfend entweder gemeinsam mit den Hirten und Schafen zur\u00fcck ins Tal wandern oder bequem mit Sessellift &amp; Seilbahn zur\u00fcck<\/li><\/ul><p class=\"p1\"><b><br \/>3 N\u00e4chte ab 330<\/b><b>\u20ac im Komfortzimmer pro Person<\/b><\/p><p class=\"p1\">Bei Verf\u00fcgbarkeit: kostenloses Upgrade auf eine Juniorsuite<\/p>\t\t\t\t\t\t\t\t<\/div>\n\t\t\t\t<\/div>\n\t\t\t\t\t<\/div>\n\t\t<\/div>\n\t\t\t\t\t<\/div>\n\t\t<\/section>\n\t\t\t\t<\/div>\n\t\t","protected":false},"excerpt":{"rendered":"<p>Auf den Spuren der Schafe11.09. \u2013 14.09.2026 Wenn der Almsommer sich dem Ende zuneigt und die Schafe zur\u00fcck in die T\u00e4ler ziehen, ist es Zeit f\u00fcr eine ganz besondere Wanderung! Erlebe den Almabtrieb hautnah und entdecke die Wege, auf denen die Schafe im Fr\u00fchling und Herbst unterwegs sind. Und beim traditionellen Volksfest? Nat\u00fcrlich darf die [&hellip;]<\/p>\n","protected":false},"featured_media":19896,"template":"","categories":[42],"class_list":["post-19891","angebote","type-angebote","status-publish","has-post-thumbnail","hentry","category-sommer-packages"],"acf":[],"yoast_head":"<!-- This site is optimized with the Yoast SEO Premium plugin v27.0 (Yoast SEO v27.3) - https:\/\/yoast.com\/product\/yoast-seo-premium-wordpress\/ -->\n<title>Auf den Spuren der Schafe | Adlernest<\/title>\n<meta name=\"robots\" content=\"index, follow, max-snippet:-1, max-image-preview:large, max-video-preview:-1\" \/>\n<link rel=\"canonical\" href=\"https:\/\/www.adlernest.com\/de\/100-living\/angebote-adlernest\/auf-den-spuren-der-schafe-2\" \/>\n<meta property=\"og:locale\" content=\"de_DE\" \/>\n<meta property=\"og:type\" content=\"article\" \/>\n<meta property=\"og:title\" content=\"Auf den Spuren der Schafe\" \/>\n<meta property=\"og:description\" content=\"Auf den Spuren der Schafe11.09. \u2013 14.09.2026 Wenn der Almsommer sich dem Ende zuneigt und die Schafe zur\u00fcck in die T\u00e4ler ziehen, ist es Zeit f\u00fcr eine ganz besondere Wanderung! Erlebe den Almabtrieb hautnah und entdecke die Wege, auf denen die Schafe im Fr\u00fchling und Herbst unterwegs sind. Und beim traditionellen Volksfest? Nat\u00fcrlich darf die [&hellip;]\" \/>\n<meta property=\"og:url\" content=\"https:\/\/www.adlernest.com\/de\/100-living\/angebote-adlernest\/auf-den-spuren-der-schafe-2\" \/>\n<meta property=\"og:site_name\" content=\"Adlernest\" \/>\n<meta property=\"article:publisher\" content=\"https:\/\/de-de.facebook.com\/adlernest\" \/>\n<meta property=\"article:modified_time\" content=\"2026-03-11T11:50:48+00:00\" \/>\n<meta property=\"og:image\" content=\"https:\/\/www.adlernest.com\/wp-content\/uploads\/2026\/03\/Almabtrieb_Adlernest_Schnalstal-1024x683.png\" \/>\n\t<meta property=\"og:image:width\" content=\"1024\" \/>\n\t<meta property=\"og:image:height\" content=\"683\" \/>\n\t<meta property=\"og:image:type\" content=\"image\/png\" \/>\n<meta name=\"twitter:card\" content=\"summary_large_image\" \/>\n<meta name=\"twitter:label1\" content=\"Gesch\u00e4tzte Lesezeit\" \/>\n\t<meta name=\"twitter:data1\" content=\"1\u00a0Minute\" \/>\n<script type=\"application\/ld+json\" class=\"yoast-schema-graph\">{\"@context\":\"https:\\\/\\\/schema.org\",\"@graph\":[{\"@type\":\"WebPage\",\"@id\":\"https:\\\/\\\/www.adlernest.com\\\/de\\\/100-living\\\/angebote-adlernest\\\/auf-den-spuren-der-schafe-2\",\"url\":\"https:\\\/\\\/www.adlernest.com\\\/de\\\/100-living\\\/angebote-adlernest\\\/auf-den-spuren-der-schafe-2\",\"name\":\"Auf den Spuren der Schafe | Adlernest\",\"isPartOf\":{\"@id\":\"https:\\\/\\\/www.adlernest.com\\\/de\\\/#website\"},\"primaryImageOfPage\":{\"@id\":\"https:\\\/\\\/www.adlernest.com\\\/de\\\/100-living\\\/angebote-adlernest\\\/auf-den-spuren-der-schafe-2#primaryimage\"},\"image\":{\"@id\":\"https:\\\/\\\/www.adlernest.com\\\/de\\\/100-living\\\/angebote-adlernest\\\/auf-den-spuren-der-schafe-2#primaryimage\"},\"thumbnailUrl\":\"https:\\\/\\\/www.adlernest.com\\\/wp-content\\\/uploads\\\/2026\\\/03\\\/Almabtrieb_Adlernest_Schnalstal.png\",\"datePublished\":\"2026-03-10T12:47:17+00:00\",\"dateModified\":\"2026-03-11T11:50:48+00:00\",\"breadcrumb\":{\"@id\":\"https:\\\/\\\/www.adlernest.com\\\/de\\\/100-living\\\/angebote-adlernest\\\/auf-den-spuren-der-schafe-2#breadcrumb\"},\"inLanguage\":\"de\",\"potentialAction\":[{\"@type\":\"ReadAction\",\"target\":[\"https:\\\/\\\/www.adlernest.com\\\/de\\\/100-living\\\/angebote-adlernest\\\/auf-den-spuren-der-schafe-2\"]}]},{\"@type\":\"ImageObject\",\"inLanguage\":\"de\",\"@id\":\"https:\\\/\\\/www.adlernest.com\\\/de\\\/100-living\\\/angebote-adlernest\\\/auf-den-spuren-der-schafe-2#primaryimage\",\"url\":\"https:\\\/\\\/www.adlernest.com\\\/wp-content\\\/uploads\\\/2026\\\/03\\\/Almabtrieb_Adlernest_Schnalstal.png\",\"contentUrl\":\"https:\\\/\\\/www.adlernest.com\\\/wp-content\\\/uploads\\\/2026\\\/03\\\/Almabtrieb_Adlernest_Schnalstal.png\",\"width\":1536,\"height\":1024},{\"@type\":\"BreadcrumbList\",\"@id\":\"https:\\\/\\\/www.adlernest.com\\\/de\\\/100-living\\\/angebote-adlernest\\\/auf-den-spuren-der-schafe-2#breadcrumb\",\"itemListElement\":[{\"@type\":\"ListItem\",\"position\":1,\"name\":\"Home\",\"item\":\"https:\\\/\\\/www.adlernest.com\\\/de\"},{\"@type\":\"ListItem\",\"position\":2,\"name\":\"Angebote\",\"item\":\"https:\\\/\\\/www.adlernest.com\\\/de\\\/100-living\\\/angebote-adlernest\"},{\"@type\":\"ListItem\",\"position\":3,\"name\":\"Auf den Spuren der Schafe\"}]},{\"@type\":\"WebSite\",\"@id\":\"https:\\\/\\\/www.adlernest.com\\\/de\\\/#website\",\"url\":\"https:\\\/\\\/www.adlernest.com\\\/de\\\/\",\"name\":\"Aktiv & Familienhotel Adlernest\",\"description\":\"\",\"publisher\":{\"@id\":\"https:\\\/\\\/www.adlernest.com\\\/de\\\/#organization\"},\"alternateName\":\"Familienhotel im Schnalstal\",\"potentialAction\":[{\"@type\":\"SearchAction\",\"target\":{\"@type\":\"EntryPoint\",\"urlTemplate\":\"https:\\\/\\\/www.adlernest.com\\\/de\\\/?s={search_term_string}\"},\"query-input\":{\"@type\":\"PropertyValueSpecification\",\"valueRequired\":true,\"valueName\":\"search_term_string\"}}],\"inLanguage\":\"de\"},{\"@type\":\"Organization\",\"@id\":\"https:\\\/\\\/www.adlernest.com\\\/de\\\/#organization\",\"name\":\"Adlernest\",\"url\":\"https:\\\/\\\/www.adlernest.com\\\/de\\\/\",\"logo\":{\"@type\":\"ImageObject\",\"inLanguage\":\"de\",\"@id\":\"https:\\\/\\\/www.adlernest.com\\\/de\\\/#\\\/schema\\\/logo\\\/image\\\/\",\"url\":\"https:\\\/\\\/www.adlernest.com\\\/wp-content\\\/uploads\\\/2023\\\/10\\\/Ebene_1.svg\",\"contentUrl\":\"https:\\\/\\\/www.adlernest.com\\\/wp-content\\\/uploads\\\/2023\\\/10\\\/Ebene_1.svg\",\"width\":47,\"height\":54,\"caption\":\"Adlernest\"},\"image\":{\"@id\":\"https:\\\/\\\/www.adlernest.com\\\/de\\\/#\\\/schema\\\/logo\\\/image\\\/\"},\"sameAs\":[\"https:\\\/\\\/de-de.facebook.com\\\/adlernest\",\"https:\\\/\\\/www.instagram.com\\\/adlernest_schnals\\\/\"]}]}<\/script>\n<!-- \/ Yoast SEO Premium plugin. -->","yoast_head_json":{"title":"Auf den Spuren der Schafe | Adlernest","robots":{"index":"index","follow":"follow","max-snippet":"max-snippet:-1","max-image-preview":"max-image-preview:large","max-video-preview":"max-video-preview:-1"},"canonical":"https:\/\/www.adlernest.com\/de\/100-living\/angebote-adlernest\/auf-den-spuren-der-schafe-2","og_locale":"de_DE","og_type":"article","og_title":"Auf den Spuren der Schafe","og_description":"Auf den Spuren der Schafe11.09. \u2013 14.09.2026 Wenn der Almsommer sich dem Ende zuneigt und die Schafe zur\u00fcck in die T\u00e4ler ziehen, ist es Zeit f\u00fcr eine ganz besondere Wanderung! Erlebe den Almabtrieb hautnah und entdecke die Wege, auf denen die Schafe im Fr\u00fchling und Herbst unterwegs sind. Und beim traditionellen Volksfest? Nat\u00fcrlich darf die [&hellip;]","og_url":"https:\/\/www.adlernest.com\/de\/100-living\/angebote-adlernest\/auf-den-spuren-der-schafe-2","og_site_name":"Adlernest","article_publisher":"https:\/\/de-de.facebook.com\/adlernest","article_modified_time":"2026-03-11T11:50:48+00:00","og_image":[{"width":1024,"height":683,"url":"https:\/\/www.adlernest.com\/wp-content\/uploads\/2026\/03\/Almabtrieb_Adlernest_Schnalstal-1024x683.png","type":"image\/png"}],"twitter_card":"summary_large_image","twitter_misc":{"Gesch\u00e4tzte Lesezeit":"1\u00a0Minute"},"schema":{"@context":"https:\/\/schema.org","@graph":[{"@type":"WebPage","@id":"https:\/\/www.adlernest.com\/de\/100-living\/angebote-adlernest\/auf-den-spuren-der-schafe-2","url":"https:\/\/www.adlernest.com\/de\/100-living\/angebote-adlernest\/auf-den-spuren-der-schafe-2","name":"Auf den Spuren der Schafe | Adlernest","isPartOf":{"@id":"https:\/\/www.adlernest.com\/de\/#website"},"primaryImageOfPage":{"@id":"https:\/\/www.adlernest.com\/de\/100-living\/angebote-adlernest\/auf-den-spuren-der-schafe-2#primaryimage"},"image":{"@id":"https:\/\/www.adlernest.com\/de\/100-living\/angebote-adlernest\/auf-den-spuren-der-schafe-2#primaryimage"},"thumbnailUrl":"https:\/\/www.adlernest.com\/wp-content\/uploads\/2026\/03\/Almabtrieb_Adlernest_Schnalstal.png","datePublished":"2026-03-10T12:47:17+00:00","dateModified":"2026-03-11T11:50:48+00:00","breadcrumb":{"@id":"https:\/\/www.adlernest.com\/de\/100-living\/angebote-adlernest\/auf-den-spuren-der-schafe-2#breadcrumb"},"inLanguage":"de","potentialAction":[{"@type":"ReadAction","target":["https:\/\/www.adlernest.com\/de\/100-living\/angebote-adlernest\/auf-den-spuren-der-schafe-2"]}]},{"@type":"ImageObject","inLanguage":"de","@id":"https:\/\/www.adlernest.com\/de\/100-living\/angebote-adlernest\/auf-den-spuren-der-schafe-2#primaryimage","url":"https:\/\/www.adlernest.com\/wp-content\/uploads\/2026\/03\/Almabtrieb_Adlernest_Schnalstal.png","contentUrl":"https:\/\/www.adlernest.com\/wp-content\/uploads\/2026\/03\/Almabtrieb_Adlernest_Schnalstal.png","width":1536,"height":1024},{"@type":"BreadcrumbList","@id":"https:\/\/www.adlernest.com\/de\/100-living\/angebote-adlernest\/auf-den-spuren-der-schafe-2#breadcrumb","itemListElement":[{"@type":"ListItem","position":1,"name":"Home","item":"https:\/\/www.adlernest.com\/de"},{"@type":"ListItem","position":2,"name":"Angebote","item":"https:\/\/www.adlernest.com\/de\/100-living\/angebote-adlernest"},{"@type":"ListItem","position":3,"name":"Auf den Spuren der Schafe"}]},{"@type":"WebSite","@id":"https:\/\/www.adlernest.com\/de\/#website","url":"https:\/\/www.adlernest.com\/de\/","name":"Aktiv & Familienhotel Adlernest","description":"","publisher":{"@id":"https:\/\/www.adlernest.com\/de\/#organization"},"alternateName":"Familienhotel im Schnalstal","potentialAction":[{"@type":"SearchAction","target":{"@type":"EntryPoint","urlTemplate":"https:\/\/www.adlernest.com\/de\/?s={search_term_string}"},"query-input":{"@type":"PropertyValueSpecification","valueRequired":true,"valueName":"search_term_string"}}],"inLanguage":"de"},{"@type":"Organization","@id":"https:\/\/www.adlernest.com\/de\/#organization","name":"Adlernest","url":"https:\/\/www.adlernest.com\/de\/","logo":{"@type":"ImageObject","inLanguage":"de","@id":"https:\/\/www.adlernest.com\/de\/#\/schema\/logo\/image\/","url":"https:\/\/www.adlernest.com\/wp-content\/uploads\/2023\/10\/Ebene_1.svg","contentUrl":"https:\/\/www.adlernest.com\/wp-content\/uploads\/2023\/10\/Ebene_1.svg","width":47,"height":54,"caption":"Adlernest"},"image":{"@id":"https:\/\/www.adlernest.com\/de\/#\/schema\/logo\/image\/"},"sameAs":["https:\/\/de-de.facebook.com\/adlernest","https:\/\/www.instagram.com\/adlernest_schnals\/"]}]}},"_links":{"self":[{"href":"https:\/\/www.adlernest.com\/de\/wp-json\/wp\/v2\/angebote\/19891","targetHints":{"allow":["GET"]}}],"collection":[{"href":"https:\/\/www.adlernest.com\/de\/wp-json\/wp\/v2\/angebote"}],"about":[{"href":"https:\/\/www.adlernest.com\/de\/wp-json\/wp\/v2\/types\/angebote"}],"version-history":[{"count":13,"href":"https:\/\/www.adlernest.com\/de\/wp-json\/wp\/v2\/angebote\/19891\/revisions"}],"predecessor-version":[{"id":19962,"href":"https:\/\/www.adlernest.com\/de\/wp-json\/wp\/v2\/angebote\/19891\/revisions\/19962"}],"wp:featuredmedia":[{"embeddable":true,"href":"https:\/\/www.adlernest.com\/de\/wp-json\/wp\/v2\/media\/19896"}],"wp:attachment":[{"href":"https:\/\/www.adlernest.com\/de\/wp-json\/wp\/v2\/media?parent=19891"}],"wp:term":[{"taxonomy":"category","embeddable":true,"href":"https:\/\/www.adlernest.com\/de\/wp-json\/wp\/v2\/categories?post=19891"}],"curies":[{"name":"wp","href":"https:\/\/api.w.org\/{rel}","templated":true}]}}